{"id":19277,"date":"2025-05-20T21:49:28","date_gmt":"2025-05-20T19:49:28","guid":{"rendered":"https:\/\/blog.fotografiaprzyrodnicza.pl\/?page_id=19277"},"modified":"2025-05-22T12:38:54","modified_gmt":"2025-05-22T10:38:54","slug":"fotografiaprzyrodnicza-pl","status":"publish","type":"page","link":"https:\/\/blog.fotografiaprzyrodnicza.pl\/en\/fotografiaprzyrodnicza-pl\/","title":{"rendered":"Nature and wildlife photography"},"content":{"rendered":"\t\t<div data-elementor-type=\"wp-page\" data-elementor-id=\"19277\" class=\"elementor elementor-19277\">\n\t\t\t\t<div class=\"elementor-element elementor-element-e7f8ca2 e-flex e-con-boxed e-con e-parent\" data-id=\"e7f8ca2\" data-element_type=\"container\" data-e-type=\"container\">\n\t\t\t\t\t<div class=\"e-con-inner\">\n\t\t<div class=\"elementor-element elementor-element-399434b e-con-full e-flex e-con e-child\" data-id=\"399434b\" data-element_type=\"container\" data-e-type=\"container\">\n\t\t\t\t<div class=\"elementor-element elementor-element-cc646af elementor-widget elementor-widget-text-editor\" data-id=\"cc646af\" data-element_type=\"widget\" data-e-type=\"widget\" data-widget_type=\"text-editor.default\">\n\t\t\t\t<div class=\"elementor-widget-container\">\n\t\t\t\t\t\t\t\t\t<p style=\"text-align: right;\"><em>Nature photography has been my passion for over 25 years and there is no sign that this will change. I am interested in every aspect of the nature that surrounds us, from a wide landscape to the micro-world among the grass in a meadow. There is no ugliness in nature, because each element is beautiful in its own way. And what nature photography should do is capture this fleeting beauty in the frame of the frame and then show people what they do not see every day. <\/em><\/p><p style=\"text-align: right;\"><strong><em>Micha\u0142 Ludwiczak<\/em><\/strong><\/p>\t\t\t\t\t\t\t\t<\/div>\n\t\t\t\t<\/div>\n\t\t\t\t<\/div>\n\t\t<div class=\"elementor-element elementor-element-0fe2c9a e-con-full e-flex e-con e-child\" data-id=\"0fe2c9a\" data-element_type=\"container\" data-e-type=\"container\">\n\t\t\t\t<div class=\"elementor-element elementor-element-6ee6515 elementor-arrows-position-inside elementor-widget elementor-widget-image-carousel\" data-id=\"6ee6515\" data-element_type=\"widget\" data-e-type=\"widget\" data-settings=\"{&quot;slides_to_show&quot;:&quot;1&quot;,&quot;navigation&quot;:&quot;arrows&quot;,&quot;autoplay&quot;:&quot;yes&quot;,&quot;pause_on_hover&quot;:&quot;yes&quot;,&quot;pause_on_interaction&quot;:&quot;yes&quot;,&quot;autoplay_speed&quot;:5000,&quot;infinite&quot;:&quot;yes&quot;,&quot;effect&quot;:&quot;slide&quot;,&quot;speed&quot;:500}\" data-widget_type=\"image-carousel.default\">\n\t\t\t\t<div class=\"elementor-widget-container\">\n\t\t\t\t\t\t\t<div class=\"elementor-image-carousel-wrapper swiper\" role=\"region\" aria-roledescription=\"carousel\" aria-label=\"Karuzela obrazk\u00f3w\" dir=\"ltr\">\n\t\t\t<div class=\"elementor-image-carousel swiper-wrapper\" aria-live=\"off\">\n\t\t\t\t\t\t\t\t<div class=\"swiper-slide\" role=\"group\" aria-roledescription=\"slide\" aria-label=\"1 of 15\"><a data-elementor-open-lightbox=\"yes\" data-elementor-lightbox-slideshow=\"6ee6515\" data-elementor-lightbox-title=\"25lat-FHD-044\" data-e-action-hash=\"#elementor-action%3Aaction%3Dlightbox%26settings%3DeyJpZCI6MTkxMjQsInVybCI6Imh0dHBzOlwvXC9ibG9nLmZvdG9ncmFmaWFwcnp5cm9kbmljemEucGxcL3dwLWNvbnRlbnRcL3VwbG9hZHNcLzIwMjVcLzA1XC8yNWxhdC1GSEQtMDQ0LmpwZyIsInNsaWRlc2hvdyI6IjZlZTY1MTUifQ%3D%3D\" href=\"https:\/\/blog.fotografiaprzyrodnicza.pl\/en\/category\/blog-en\/\"><figure class=\"swiper-slide-inner\"><img decoding=\"async\" class=\"swiper-slide-image\" src=\"https:\/\/blog.fotografiaprzyrodnicza.pl\/wp-content\/uploads\/2025\/05\/25lat-FHD-044.jpg\" alt=\"25lat-FHD-044\" \/><\/figure><\/a><\/div><div class=\"swiper-slide\" role=\"group\" aria-roledescription=\"slide\" aria-label=\"2 of 15\"><a data-elementor-open-lightbox=\"yes\" data-elementor-lightbox-slideshow=\"6ee6515\" data-elementor-lightbox-title=\"25lat-FHD-155\" data-e-action-hash=\"#elementor-action%3Aaction%3Dlightbox%26settings%3DeyJpZCI6MTkxMzYsInVybCI6Imh0dHBzOlwvXC9ibG9nLmZvdG9ncmFmaWFwcnp5cm9kbmljemEucGxcL3dwLWNvbnRlbnRcL3VwbG9hZHNcLzIwMjVcLzA1XC8yNWxhdC1GSEQtMTU1LmpwZyIsInNsaWRlc2hvdyI6IjZlZTY1MTUifQ%3D%3D\" href=\"https:\/\/blog.fotografiaprzyrodnicza.pl\/en\/category\/blog-en\/\"><figure class=\"swiper-slide-inner\"><img decoding=\"async\" class=\"swiper-slide-image\" src=\"https:\/\/blog.fotografiaprzyrodnicza.pl\/wp-content\/uploads\/2025\/05\/25lat-FHD-155.jpg\" alt=\"25lat-FHD-155\" \/><\/figure><\/a><\/div><div class=\"swiper-slide\" role=\"group\" aria-roledescription=\"slide\" aria-label=\"3 of 15\"><a data-elementor-open-lightbox=\"yes\" data-elementor-lightbox-slideshow=\"6ee6515\" data-elementor-lightbox-title=\"25lat-FHD-061\" data-e-action-hash=\"#elementor-action%3Aaction%3Dlightbox%26settings%3DeyJpZCI6MTkxMjgsInVybCI6Imh0dHBzOlwvXC9ibG9nLmZvdG9ncmFmaWFwcnp5cm9kbmljemEucGxcL3dwLWNvbnRlbnRcL3VwbG9hZHNcLzIwMjVcLzA1XC8yNWxhdC1GSEQtMDYxLmpwZyIsInNsaWRlc2hvdyI6IjZlZTY1MTUifQ%3D%3D\" href=\"https:\/\/blog.fotografiaprzyrodnicza.pl\/en\/category\/blog-en\/\"><figure class=\"swiper-slide-inner\"><img decoding=\"async\" class=\"swiper-slide-image\" src=\"https:\/\/blog.fotografiaprzyrodnicza.pl\/wp-content\/uploads\/2025\/05\/25lat-FHD-061.jpg\" alt=\"25lat-FHD-061\" \/><\/figure><\/a><\/div><div class=\"swiper-slide\" role=\"group\" aria-roledescription=\"slide\" aria-label=\"4 of 15\"><a data-elementor-open-lightbox=\"yes\" data-elementor-lightbox-slideshow=\"6ee6515\" data-elementor-lightbox-title=\"25lat-FHD-113\" data-e-action-hash=\"#elementor-action%3Aaction%3Dlightbox%26settings%3DeyJpZCI6MTkxMzIsInVybCI6Imh0dHBzOlwvXC9ibG9nLmZvdG9ncmFmaWFwcnp5cm9kbmljemEucGxcL3dwLWNvbnRlbnRcL3VwbG9hZHNcLzIwMjVcLzA1XC8yNWxhdC1GSEQtMTEzLmpwZyIsInNsaWRlc2hvdyI6IjZlZTY1MTUifQ%3D%3D\" href=\"https:\/\/blog.fotografiaprzyrodnicza.pl\/en\/category\/blog-en\/\"><figure class=\"swiper-slide-inner\"><img decoding=\"async\" class=\"swiper-slide-image\" src=\"https:\/\/blog.fotografiaprzyrodnicza.pl\/wp-content\/uploads\/2025\/05\/25lat-FHD-113.jpg\" alt=\"25lat-FHD-113\" \/><\/figure><\/a><\/div><div class=\"swiper-slide\" role=\"group\" aria-roledescription=\"slide\" aria-label=\"5 of 15\"><a data-elementor-open-lightbox=\"yes\" data-elementor-lightbox-slideshow=\"6ee6515\" data-elementor-lightbox-title=\"25lat-FHD-215\" data-e-action-hash=\"#elementor-action%3Aaction%3Dlightbox%26settings%3DeyJpZCI6MTkxMzgsInVybCI6Imh0dHBzOlwvXC9ibG9nLmZvdG9ncmFmaWFwcnp5cm9kbmljemEucGxcL3dwLWNvbnRlbnRcL3VwbG9hZHNcLzIwMjVcLzA1XC8yNWxhdC1GSEQtMjE1LmpwZyIsInNsaWRlc2hvdyI6IjZlZTY1MTUifQ%3D%3D\" href=\"https:\/\/blog.fotografiaprzyrodnicza.pl\/en\/category\/blog-en\/\"><figure class=\"swiper-slide-inner\"><img decoding=\"async\" class=\"swiper-slide-image\" src=\"https:\/\/blog.fotografiaprzyrodnicza.pl\/wp-content\/uploads\/2025\/05\/25lat-FHD-215.jpg\" alt=\"25lat-FHD-215\" \/><\/figure><\/a><\/div><div class=\"swiper-slide\" role=\"group\" aria-roledescription=\"slide\" aria-label=\"6 of 15\"><a data-elementor-open-lightbox=\"yes\" data-elementor-lightbox-slideshow=\"6ee6515\" data-elementor-lightbox-title=\"25lat-FHD-117\" data-e-action-hash=\"#elementor-action%3Aaction%3Dlightbox%26settings%3DeyJpZCI6MTkxMzQsInVybCI6Imh0dHBzOlwvXC9ibG9nLmZvdG9ncmFmaWFwcnp5cm9kbmljemEucGxcL3dwLWNvbnRlbnRcL3VwbG9hZHNcLzIwMjVcLzA1XC8yNWxhdC1GSEQtMTE3LmpwZyIsInNsaWRlc2hvdyI6IjZlZTY1MTUifQ%3D%3D\" href=\"https:\/\/blog.fotografiaprzyrodnicza.pl\/en\/category\/blog-en\/\"><figure class=\"swiper-slide-inner\"><img decoding=\"async\" class=\"swiper-slide-image\" src=\"https:\/\/blog.fotografiaprzyrodnicza.pl\/wp-content\/uploads\/2025\/05\/25lat-FHD-117.jpg\" alt=\"25lat-FHD-117\" \/><\/figure><\/a><\/div><div class=\"swiper-slide\" role=\"group\" aria-roledescription=\"slide\" aria-label=\"7 of 15\"><a data-elementor-open-lightbox=\"yes\" data-elementor-lightbox-slideshow=\"6ee6515\" data-elementor-lightbox-title=\"25lat-FHD-085\" data-e-action-hash=\"#elementor-action%3Aaction%3Dlightbox%26settings%3DeyJpZCI6MTkxMzAsInVybCI6Imh0dHBzOlwvXC9ibG9nLmZvdG9ncmFmaWFwcnp5cm9kbmljemEucGxcL3dwLWNvbnRlbnRcL3VwbG9hZHNcLzIwMjVcLzA1XC8yNWxhdC1GSEQtMDg1LmpwZyIsInNsaWRlc2hvdyI6IjZlZTY1MTUifQ%3D%3D\" href=\"https:\/\/blog.fotografiaprzyrodnicza.pl\/en\/category\/blog-en\/\"><figure class=\"swiper-slide-inner\"><img decoding=\"async\" class=\"swiper-slide-image\" src=\"https:\/\/blog.fotografiaprzyrodnicza.pl\/wp-content\/uploads\/2025\/05\/25lat-FHD-085.jpg\" alt=\"25lat-FHD-085\" \/><\/figure><\/a><\/div><div class=\"swiper-slide\" role=\"group\" aria-roledescription=\"slide\" aria-label=\"8 of 15\"><a data-elementor-open-lightbox=\"yes\" data-elementor-lightbox-slideshow=\"6ee6515\" data-elementor-lightbox-title=\"25lat-FHD-051\" data-e-action-hash=\"#elementor-action%3Aaction%3Dlightbox%26settings%3DeyJpZCI6MTkxMjYsInVybCI6Imh0dHBzOlwvXC9ibG9nLmZvdG9ncmFmaWFwcnp5cm9kbmljemEucGxcL3dwLWNvbnRlbnRcL3VwbG9hZHNcLzIwMjVcLzA1XC8yNWxhdC1GSEQtMDUxLmpwZyIsInNsaWRlc2hvdyI6IjZlZTY1MTUifQ%3D%3D\" href=\"https:\/\/blog.fotografiaprzyrodnicza.pl\/en\/category\/blog-en\/\"><figure class=\"swiper-slide-inner\"><img decoding=\"async\" class=\"swiper-slide-image\" src=\"https:\/\/blog.fotografiaprzyrodnicza.pl\/wp-content\/uploads\/2025\/05\/25lat-FHD-051.jpg\" alt=\"25lat-FHD-051\" \/><\/figure><\/a><\/div><div class=\"swiper-slide\" role=\"group\" aria-roledescription=\"slide\" aria-label=\"9 of 15\"><a data-elementor-open-lightbox=\"yes\" data-elementor-lightbox-slideshow=\"6ee6515\" data-elementor-lightbox-title=\"25lat-FHD-039\" data-e-action-hash=\"#elementor-action%3Aaction%3Dlightbox%26settings%3DeyJpZCI6MTkxMjIsInVybCI6Imh0dHBzOlwvXC9ibG9nLmZvdG9ncmFmaWFwcnp5cm9kbmljemEucGxcL3dwLWNvbnRlbnRcL3VwbG9hZHNcLzIwMjVcLzA1XC8yNWxhdC1GSEQtMDM5LmpwZyIsInNsaWRlc2hvdyI6IjZlZTY1MTUifQ%3D%3D\" href=\"https:\/\/blog.fotografiaprzyrodnicza.pl\/en\/category\/blog-en\/\"><figure class=\"swiper-slide-inner\"><img decoding=\"async\" class=\"swiper-slide-image\" src=\"https:\/\/blog.fotografiaprzyrodnicza.pl\/wp-content\/uploads\/2025\/05\/25lat-FHD-039.jpg\" alt=\"25lat-FHD-039\" \/><\/figure><\/a><\/div><div class=\"swiper-slide\" role=\"group\" aria-roledescription=\"slide\" aria-label=\"10 of 15\"><a data-elementor-open-lightbox=\"yes\" data-elementor-lightbox-slideshow=\"6ee6515\" data-elementor-lightbox-title=\"25lat-FHD-037\" data-e-action-hash=\"#elementor-action%3Aaction%3Dlightbox%26settings%3DeyJpZCI6MTkxMjAsInVybCI6Imh0dHBzOlwvXC9ibG9nLmZvdG9ncmFmaWFwcnp5cm9kbmljemEucGxcL3dwLWNvbnRlbnRcL3VwbG9hZHNcLzIwMjVcLzA1XC8yNWxhdC1GSEQtMDM3LmpwZyIsInNsaWRlc2hvdyI6IjZlZTY1MTUifQ%3D%3D\" href=\"https:\/\/blog.fotografiaprzyrodnicza.pl\/en\/category\/blog-en\/\"><figure class=\"swiper-slide-inner\"><img decoding=\"async\" class=\"swiper-slide-image\" src=\"https:\/\/blog.fotografiaprzyrodnicza.pl\/wp-content\/uploads\/2025\/05\/25lat-FHD-037.jpg\" alt=\"25lat-FHD-037\" \/><\/figure><\/a><\/div><div class=\"swiper-slide\" role=\"group\" aria-roledescription=\"slide\" aria-label=\"11 of 15\"><a data-elementor-open-lightbox=\"yes\" data-elementor-lightbox-slideshow=\"6ee6515\" data-elementor-lightbox-title=\"25lat-FHD-025\" data-e-action-hash=\"#elementor-action%3Aaction%3Dlightbox%26settings%3DeyJpZCI6MTkxMTgsInVybCI6Imh0dHBzOlwvXC9ibG9nLmZvdG9ncmFmaWFwcnp5cm9kbmljemEucGxcL3dwLWNvbnRlbnRcL3VwbG9hZHNcLzIwMjVcLzA1XC8yNWxhdC1GSEQtMDI1LmpwZyIsInNsaWRlc2hvdyI6IjZlZTY1MTUifQ%3D%3D\" href=\"https:\/\/blog.fotografiaprzyrodnicza.pl\/en\/category\/blog-en\/\"><figure class=\"swiper-slide-inner\"><img decoding=\"async\" class=\"swiper-slide-image\" src=\"https:\/\/blog.fotografiaprzyrodnicza.pl\/wp-content\/uploads\/2025\/05\/25lat-FHD-025.jpg\" alt=\"25lat-FHD-025\" \/><\/figure><\/a><\/div><div class=\"swiper-slide\" role=\"group\" aria-roledescription=\"slide\" aria-label=\"12 of 15\"><a data-elementor-open-lightbox=\"yes\" data-elementor-lightbox-slideshow=\"6ee6515\" data-elementor-lightbox-title=\"25lat-FHD-024\" data-e-action-hash=\"#elementor-action%3Aaction%3Dlightbox%26settings%3DeyJpZCI6MTkxMTYsInVybCI6Imh0dHBzOlwvXC9ibG9nLmZvdG9ncmFmaWFwcnp5cm9kbmljemEucGxcL3dwLWNvbnRlbnRcL3VwbG9hZHNcLzIwMjVcLzA1XC8yNWxhdC1GSEQtMDI0LmpwZyIsInNsaWRlc2hvdyI6IjZlZTY1MTUifQ%3D%3D\" href=\"https:\/\/blog.fotografiaprzyrodnicza.pl\/en\/category\/blog-en\/\"><figure class=\"swiper-slide-inner\"><img decoding=\"async\" class=\"swiper-slide-image\" src=\"https:\/\/blog.fotografiaprzyrodnicza.pl\/wp-content\/uploads\/2025\/05\/25lat-FHD-024.jpg\" alt=\"25lat-FHD-024\" \/><\/figure><\/a><\/div><div class=\"swiper-slide\" role=\"group\" aria-roledescription=\"slide\" aria-label=\"13 of 15\"><a data-elementor-open-lightbox=\"yes\" data-elementor-lightbox-slideshow=\"6ee6515\" data-elementor-lightbox-title=\"25lat-FHD-020\" data-e-action-hash=\"#elementor-action%3Aaction%3Dlightbox%26settings%3DeyJpZCI6MTkxMTQsInVybCI6Imh0dHBzOlwvXC9ibG9nLmZvdG9ncmFmaWFwcnp5cm9kbmljemEucGxcL3dwLWNvbnRlbnRcL3VwbG9hZHNcLzIwMjVcLzA1XC8yNWxhdC1GSEQtMDIwLmpwZyIsInNsaWRlc2hvdyI6IjZlZTY1MTUifQ%3D%3D\" href=\"https:\/\/blog.fotografiaprzyrodnicza.pl\/en\/category\/blog-en\/\"><figure class=\"swiper-slide-inner\"><img decoding=\"async\" class=\"swiper-slide-image\" src=\"https:\/\/blog.fotografiaprzyrodnicza.pl\/wp-content\/uploads\/2025\/05\/25lat-FHD-020.jpg\" alt=\"25lat-FHD-020\" \/><\/figure><\/a><\/div><div class=\"swiper-slide\" role=\"group\" aria-roledescription=\"slide\" aria-label=\"14 of 15\"><a data-elementor-open-lightbox=\"yes\" data-elementor-lightbox-slideshow=\"6ee6515\" data-elementor-lightbox-title=\"25lat-FHD-015\" data-e-action-hash=\"#elementor-action%3Aaction%3Dlightbox%26settings%3DeyJpZCI6MTkxMTIsInVybCI6Imh0dHBzOlwvXC9ibG9nLmZvdG9ncmFmaWFwcnp5cm9kbmljemEucGxcL3dwLWNvbnRlbnRcL3VwbG9hZHNcLzIwMjVcLzA1XC8yNWxhdC1GSEQtMDE1LmpwZyIsInNsaWRlc2hvdyI6IjZlZTY1MTUifQ%3D%3D\" href=\"https:\/\/blog.fotografiaprzyrodnicza.pl\/en\/category\/blog-en\/\"><figure class=\"swiper-slide-inner\"><img decoding=\"async\" class=\"swiper-slide-image\" src=\"https:\/\/blog.fotografiaprzyrodnicza.pl\/wp-content\/uploads\/2025\/05\/25lat-FHD-015.jpg\" alt=\"25lat-FHD-015\" \/><\/figure><\/a><\/div><div class=\"swiper-slide\" role=\"group\" aria-roledescription=\"slide\" aria-label=\"15 of 15\"><a data-elementor-open-lightbox=\"yes\" data-elementor-lightbox-slideshow=\"6ee6515\" data-elementor-lightbox-title=\"25lat-FHD-011\" data-e-action-hash=\"#elementor-action%3Aaction%3Dlightbox%26settings%3DeyJpZCI6MTkxMTAsInVybCI6Imh0dHBzOlwvXC9ibG9nLmZvdG9ncmFmaWFwcnp5cm9kbmljemEucGxcL3dwLWNvbnRlbnRcL3VwbG9hZHNcLzIwMjVcLzA1XC8yNWxhdC1GSEQtMDExLmpwZyIsInNsaWRlc2hvdyI6IjZlZTY1MTUifQ%3D%3D\" href=\"https:\/\/blog.fotografiaprzyrodnicza.pl\/en\/category\/blog-en\/\"><figure class=\"swiper-slide-inner\"><img decoding=\"async\" class=\"swiper-slide-image\" src=\"https:\/\/blog.fotografiaprzyrodnicza.pl\/wp-content\/uploads\/2025\/05\/25lat-FHD-011.jpg\" alt=\"25lat-FHD-011\" \/><\/figure><\/a><\/div>\t\t\t<\/div>\n\t\t\t\t\t\t\t\t\t\t\t\t<div class=\"elementor-swiper-button elementor-swiper-button-prev\" role=\"button\" tabindex=\"0\">\n\t\t\t\t\t\t<i aria-hidden=\"true\" class=\"eicon-chevron-left\"><\/i>\t\t\t\t\t<\/div>\n\t\t\t\t\t<div class=\"elementor-swiper-button elementor-swiper-button-next\" role=\"button\" tabindex=\"0\">\n\t\t\t\t\t\t<i aria-hidden=\"true\" class=\"eicon-chevron-right\"><\/i>\t\t\t\t\t<\/div>\n\t\t\t\t\n\t\t\t\t\t\t\t\t\t<\/div>\n\t\t\t\t\t\t<\/div>\n\t\t\t\t<\/div>\n\t\t\t\t<\/div>\n\t\t\t\t\t<\/div>\n\t\t\t\t<\/div>\n\t\t<div class=\"elementor-element elementor-element-1e09a4f e-flex e-con-boxed e-con e-parent\" data-id=\"1e09a4f\" data-element_type=\"container\" data-e-type=\"container\">\n\t\t\t\t\t<div class=\"e-con-inner\">\n\t\t<div class=\"elementor-element elementor-element-b9fe550 e-con-full e-flex e-con e-child\" data-id=\"b9fe550\" data-element_type=\"container\" data-e-type=\"container\">\n\t\t\t\t<div class=\"elementor-element elementor-element-0203247 elementor-view-default elementor-position-block-start elementor-mobile-position-block-start elementor-widget elementor-widget-icon-box\" data-id=\"0203247\" data-element_type=\"widget\" data-e-type=\"widget\" data-settings=\"{&quot;_animation&quot;:&quot;none&quot;}\" data-widget_type=\"icon-box.default\">\n\t\t\t\t<div class=\"elementor-widget-container\">\n\t\t\t\t\t\t\t<div class=\"elementor-icon-box-wrapper\">\n\n\t\t\t\t\t\t<div class=\"elementor-icon-box-icon\">\n\t\t\t\t<a href=\"https:\/\/blog.fotografiaprzyrodnicza.pl\/en\/category\/blog-en\/from-the-field\/\" class=\"elementor-icon\" tabindex=\"-1\" aria-label=\"My observations\">\n\t\t\t\t<i aria-hidden=\"true\" class=\"photo photo-icon-eye\"><\/i>\t\t\t\t<\/a>\n\t\t\t<\/div>\n\t\t\t\n\t\t\t\t\t\t<div class=\"elementor-icon-box-content\">\n\n\t\t\t\t\t\t\t\t\t<h5 class=\"elementor-icon-box-title\">\n\t\t\t\t\t\t<a href=\"https:\/\/blog.fotografiaprzyrodnicza.pl\/en\/category\/blog-en\/from-the-field\/\" >\n\t\t\t\t\t\t\tMy observations\t\t\t\t\t\t<\/a>\n\t\t\t\t\t<\/h5>\n\t\t\t\t\n\t\t\t\t\t\t\t\t\t<p class=\"elementor-icon-box-description\">\n\t\t\t\t\t\tPhotos and reports from my field trips - both distant and very close, because nature is everywhere.\t\t\t\t\t<\/p>\n\t\t\t\t\n\t\t\t<\/div>\n\t\t\t\n\t\t<\/div>\n\t\t\t\t\t\t<\/div>\n\t\t\t\t<\/div>\n\t\t\t\t<\/div>\n\t\t<div class=\"elementor-element elementor-element-7906c7b e-con-full e-flex e-con e-child\" data-id=\"7906c7b\" data-element_type=\"container\" data-e-type=\"container\">\n\t\t\t\t<div class=\"elementor-element elementor-element-090e641 elementor-view-default elementor-position-block-start elementor-mobile-position-block-start elementor-widget elementor-widget-icon-box\" data-id=\"090e641\" data-element_type=\"widget\" data-e-type=\"widget\" data-widget_type=\"icon-box.default\">\n\t\t\t\t<div class=\"elementor-widget-container\">\n\t\t\t\t\t\t\t<div class=\"elementor-icon-box-wrapper\">\n\n\t\t\t\t\t\t<div class=\"elementor-icon-box-icon\">\n\t\t\t\t<a href=\"https:\/\/blog.fotografiaprzyrodnicza.pl\/en\/category\/blog-en\/gear\/\" class=\"elementor-icon\" tabindex=\"-1\" aria-label=\"Gear\">\n\t\t\t\t<i aria-hidden=\"true\" class=\"photo photo-icon-photo-camera\"><\/i>\t\t\t\t<\/a>\n\t\t\t<\/div>\n\t\t\t\n\t\t\t\t\t\t<div class=\"elementor-icon-box-content\">\n\n\t\t\t\t\t\t\t\t\t<h5 class=\"elementor-icon-box-title\">\n\t\t\t\t\t\t<a href=\"https:\/\/blog.fotografiaprzyrodnicza.pl\/en\/category\/blog-en\/gear\/\" >\n\t\t\t\t\t\t\tGear\t\t\t\t\t\t<\/a>\n\t\t\t\t\t<\/h5>\n\t\t\t\t\n\t\t\t\t\t\t\t\t\t<p class=\"elementor-icon-box-description\">\n\t\t\t\t\t\tI share my experiences using various types of photographic equipment - maybe you will find something interesting here?\t\t\t\t\t<\/p>\n\t\t\t\t\n\t\t\t<\/div>\n\t\t\t\n\t\t<\/div>\n\t\t\t\t\t\t<\/div>\n\t\t\t\t<\/div>\n\t\t\t\t<\/div>\n\t\t<div class=\"elementor-element elementor-element-90d888a e-con-full e-flex e-con e-child\" data-id=\"90d888a\" data-element_type=\"container\" data-e-type=\"container\">\n\t\t\t\t<div class=\"elementor-element elementor-element-40718d3 elementor-view-default elementor-position-block-start elementor-mobile-position-block-start elementor-widget elementor-widget-icon-box\" data-id=\"40718d3\" data-element_type=\"widget\" data-e-type=\"widget\" data-widget_type=\"icon-box.default\">\n\t\t\t\t<div class=\"elementor-widget-container\">\n\t\t\t\t\t\t\t<div class=\"elementor-icon-box-wrapper\">\n\n\t\t\t\t\t\t<div class=\"elementor-icon-box-icon\">\n\t\t\t\t<a href=\"https:\/\/blog.fotografiaprzyrodnicza.pl\/en\/category\/blog-en\/workshop\/\" class=\"elementor-icon\" tabindex=\"-1\" aria-label=\"Workshop\">\n\t\t\t\t<i aria-hidden=\"true\" class=\"photo photo-icon-opening-aperture\"><\/i>\t\t\t\t<\/a>\n\t\t\t<\/div>\n\t\t\t\n\t\t\t\t\t\t<div class=\"elementor-icon-box-content\">\n\n\t\t\t\t\t\t\t\t\t<h5 class=\"elementor-icon-box-title\">\n\t\t\t\t\t\t<a href=\"https:\/\/blog.fotografiaprzyrodnicza.pl\/en\/category\/blog-en\/workshop\/\" >\n\t\t\t\t\t\t\tWorkshop\t\t\t\t\t\t<\/a>\n\t\t\t\t\t<\/h5>\n\t\t\t\t\n\t\t\t\t\t\t\t\t\t<p class=\"elementor-icon-box-description\">\n\t\t\t\t\t\tHere I share information that will help you get started with photography, but also understand some of the more complex issues.\t\t\t\t\t<\/p>\n\t\t\t\t\n\t\t\t<\/div>\n\t\t\t\n\t\t<\/div>\n\t\t\t\t\t\t<\/div>\n\t\t\t\t<\/div>\n\t\t\t\t<\/div>\n\t\t<div class=\"elementor-element elementor-element-ad80c08 e-con-full e-flex e-con e-child\" data-id=\"ad80c08\" data-element_type=\"container\" data-e-type=\"container\">\n\t\t\t\t<div class=\"elementor-element elementor-element-3129a5f elementor-view-default elementor-position-block-start elementor-mobile-position-block-start elementor-widget elementor-widget-icon-box\" data-id=\"3129a5f\" data-element_type=\"widget\" data-e-type=\"widget\" data-widget_type=\"icon-box.default\">\n\t\t\t\t<div class=\"elementor-widget-container\">\n\t\t\t\t\t\t\t<div class=\"elementor-icon-box-wrapper\">\n\n\t\t\t\t\t\t<div class=\"elementor-icon-box-icon\">\n\t\t\t\t<a href=\"https:\/\/blog.fotografiaprzyrodnicza.pl\/en\/gallery\/\" class=\"elementor-icon\" tabindex=\"-1\" aria-label=\"Gallery\">\n\t\t\t\t<i aria-hidden=\"true\" class=\"photo photo-icon-picture-in-a-frame\"><\/i>\t\t\t\t<\/a>\n\t\t\t<\/div>\n\t\t\t\n\t\t\t\t\t\t<div class=\"elementor-icon-box-content\">\n\n\t\t\t\t\t\t\t\t\t<h5 class=\"elementor-icon-box-title\">\n\t\t\t\t\t\t<a href=\"https:\/\/blog.fotografiaprzyrodnicza.pl\/en\/gallery\/\" >\n\t\t\t\t\t\t\tGallery\t\t\t\t\t\t<\/a>\n\t\t\t\t\t<\/h5>\n\t\t\t\t\n\t\t\t\t\t\t\t\t\t<p class=\"elementor-icon-box-description\">\n\t\t\t\t\t\tHere are some of my photographic works presented in a form of a gallery\t\t\t\t\t<\/p>\n\t\t\t\t\n\t\t\t<\/div>\n\t\t\t\n\t\t<\/div>\n\t\t\t\t\t\t<\/div>\n\t\t\t\t<\/div>\n\t\t\t\t<\/div>\n\t\t\t\t\t<\/div>\n\t\t\t\t<\/div>\n\t\t\t\t<\/div>\n\t\t","protected":false},"excerpt":{"rendered":"<p>Nature photography has been my passion for over 25 years and there is no sign that this will change. I am interested in every aspect of the nature that surrounds us, from a wide landscape to the micro-world among the grass in a meadow. There is no ugliness in nature, because each element is beautiful [&hellip;]<\/p>\n","protected":false},"author":1,"featured_media":0,"parent":0,"menu_order":0,"comment_status":"closed","ping_status":"closed","template":"","meta":{"_acf_changed":false,"footnotes":""},"class_list":["post-19277","page","type-page","status-publish","hentry"],"acf":[],"yoast_head":"<!-- This site is optimized with the Yoast SEO plugin v27.5 - https:\/\/yoast.com\/product\/yoast-seo-wordpress\/ -->\n<title>Nature and wildlife photography - Blog.fotografiaprzyrodnicza.pl<\/title>\n<meta name=\"robots\" content=\"index, follow, max-snippet:-1, max-image-preview:large, max-video-preview:-1\" \/>\n<link rel=\"canonical\" href=\"https:\/\/blog.fotografiaprzyrodnicza.pl\/en\/fotografiaprzyrodnicza-pl\/\" \/>\n<meta property=\"og:locale\" content=\"en_US\" \/>\n<meta property=\"og:type\" content=\"article\" \/>\n<meta property=\"og:title\" content=\"Nature and wildlife photography - Blog.fotografiaprzyrodnicza.pl\" \/>\n<meta property=\"og:description\" content=\"Nature photography has been my passion for over 25 years and there is no sign that this will change. I am interested in every aspect of the nature that surrounds us, from a wide landscape to the micro-world among the grass in a meadow. There is no ugliness in nature, because each element is beautiful [&hellip;]\" \/>\n<meta property=\"og:url\" content=\"https:\/\/blog.fotografiaprzyrodnicza.pl\/en\/fotografiaprzyrodnicza-pl\/\" \/>\n<meta property=\"og:site_name\" content=\"Blog.fotografiaprzyrodnicza.pl\" \/>\n<meta property=\"article:modified_time\" content=\"2025-05-22T10:38:54+00:00\" \/>\n<meta property=\"og:image\" content=\"https:\/\/blog.fotografiaprzyrodnicza.pl\/wp-content\/uploads\/2025\/05\/25lat-FHD-044.jpg\" \/>\n<meta name=\"twitter:card\" content=\"summary_large_image\" \/>\n<meta name=\"twitter:label1\" content=\"Est. reading time\" \/>\n\t<meta name=\"twitter:data1\" content=\"4 minutes\" \/>\n<script type=\"application\/ld+json\" class=\"yoast-schema-graph\">{\"@context\":\"https:\\\/\\\/schema.org\",\"@graph\":[{\"@type\":\"WebPage\",\"@id\":\"https:\\\/\\\/blog.fotografiaprzyrodnicza.pl\\\/en\\\/fotografiaprzyrodnicza-pl\\\/\",\"url\":\"https:\\\/\\\/blog.fotografiaprzyrodnicza.pl\\\/en\\\/fotografiaprzyrodnicza-pl\\\/\",\"name\":\"Nature and wildlife photography - Blog.fotografiaprzyrodnicza.pl\",\"isPartOf\":{\"@id\":\"https:\\\/\\\/blog.fotografiaprzyrodnicza.pl\\\/en\\\/#website\"},\"primaryImageOfPage\":{\"@id\":\"https:\\\/\\\/blog.fotografiaprzyrodnicza.pl\\\/en\\\/fotografiaprzyrodnicza-pl\\\/#primaryimage\"},\"image\":{\"@id\":\"https:\\\/\\\/blog.fotografiaprzyrodnicza.pl\\\/en\\\/fotografiaprzyrodnicza-pl\\\/#primaryimage\"},\"thumbnailUrl\":\"https:\\\/\\\/blog.fotografiaprzyrodnicza.pl\\\/wp-content\\\/uploads\\\/2025\\\/05\\\/25lat-FHD-044.jpg\",\"datePublished\":\"2025-05-20T19:49:28+00:00\",\"dateModified\":\"2025-05-22T10:38:54+00:00\",\"breadcrumb\":{\"@id\":\"https:\\\/\\\/blog.fotografiaprzyrodnicza.pl\\\/en\\\/fotografiaprzyrodnicza-pl\\\/#breadcrumb\"},\"inLanguage\":\"en-US\",\"potentialAction\":[{\"@type\":\"ReadAction\",\"target\":[\"https:\\\/\\\/blog.fotografiaprzyrodnicza.pl\\\/en\\\/fotografiaprzyrodnicza-pl\\\/\"]}]},{\"@type\":\"ImageObject\",\"inLanguage\":\"en-US\",\"@id\":\"https:\\\/\\\/blog.fotografiaprzyrodnicza.pl\\\/en\\\/fotografiaprzyrodnicza-pl\\\/#primaryimage\",\"url\":\"https:\\\/\\\/blog.fotografiaprzyrodnicza.pl\\\/wp-content\\\/uploads\\\/2025\\\/05\\\/25lat-FHD-044.jpg\",\"contentUrl\":\"https:\\\/\\\/blog.fotografiaprzyrodnicza.pl\\\/wp-content\\\/uploads\\\/2025\\\/05\\\/25lat-FHD-044.jpg\"},{\"@type\":\"BreadcrumbList\",\"@id\":\"https:\\\/\\\/blog.fotografiaprzyrodnicza.pl\\\/en\\\/fotografiaprzyrodnicza-pl\\\/#breadcrumb\",\"itemListElement\":[{\"@type\":\"ListItem\",\"position\":1,\"name\":\"Strona g\u0142\u00f3wna\",\"item\":\"https:\\\/\\\/blog.fotografiaprzyrodnicza.pl\\\/en\\\/\"},{\"@type\":\"ListItem\",\"position\":2,\"name\":\"Nature and wildlife photography\"}]},{\"@type\":\"WebSite\",\"@id\":\"https:\\\/\\\/blog.fotografiaprzyrodnicza.pl\\\/en\\\/#website\",\"url\":\"https:\\\/\\\/blog.fotografiaprzyrodnicza.pl\\\/en\\\/\",\"name\":\"blog.fotografiaprzyrodnicza.pl\",\"description\":\"Fotografia przyrodnicza to pi\u0119kna pasja. Dlatego chcia\u0142bym si\u0119 podzieli\u0107 przemy\u015bleniami, do\u015bwiadczeniami, zdj\u0119ciami.\",\"publisher\":{\"@id\":\"https:\\\/\\\/blog.fotografiaprzyrodnicza.pl\\\/en\\\/#\\\/schema\\\/person\\\/9a1a2c16d3aea6cc29ce162538ab9c55\"},\"alternateName\":\"blog.fotografiaprzyrodnicza.pl\",\"potentialAction\":[{\"@type\":\"SearchAction\",\"target\":{\"@type\":\"EntryPoint\",\"urlTemplate\":\"https:\\\/\\\/blog.fotografiaprzyrodnicza.pl\\\/en\\\/?s={search_term_string}\"},\"query-input\":{\"@type\":\"PropertyValueSpecification\",\"valueRequired\":true,\"valueName\":\"search_term_string\"}}],\"inLanguage\":\"en-US\"},{\"@type\":[\"Person\",\"Organization\"],\"@id\":\"https:\\\/\\\/blog.fotografiaprzyrodnicza.pl\\\/en\\\/#\\\/schema\\\/person\\\/9a1a2c16d3aea6cc29ce162538ab9c55\",\"name\":\"Micha\u0142 Ludwiczak\",\"image\":{\"@type\":\"ImageObject\",\"inLanguage\":\"en-US\",\"@id\":\"https:\\\/\\\/blog.fotografiaprzyrodnicza.pl\\\/wp-content\\\/uploads\\\/2019\\\/08\\\/20151209-DSC_3021-e1589290826532.jpg\",\"url\":\"https:\\\/\\\/blog.fotografiaprzyrodnicza.pl\\\/wp-content\\\/uploads\\\/2019\\\/08\\\/20151209-DSC_3021-e1589290826532.jpg\",\"contentUrl\":\"https:\\\/\\\/blog.fotografiaprzyrodnicza.pl\\\/wp-content\\\/uploads\\\/2019\\\/08\\\/20151209-DSC_3021-e1589290826532.jpg\",\"width\":1276,\"height\":1252,\"caption\":\"Micha\u0142 Ludwiczak\"},\"logo\":{\"@id\":\"https:\\\/\\\/blog.fotografiaprzyrodnicza.pl\\\/wp-content\\\/uploads\\\/2019\\\/08\\\/20151209-DSC_3021-e1589290826532.jpg\"},\"sameAs\":[\"http:\\\/\\\/www.fotografiaprzyrodnicza.pl\"]}]}<\/script>\n<!-- \/ Yoast SEO plugin. -->","yoast_head_json":{"title":"Nature and wildlife photography - Blog.fotografiaprzyrodnicza.pl","robots":{"index":"index","follow":"follow","max-snippet":"max-snippet:-1","max-image-preview":"max-image-preview:large","max-video-preview":"max-video-preview:-1"},"canonical":"https:\/\/blog.fotografiaprzyrodnicza.pl\/en\/fotografiaprzyrodnicza-pl\/","og_locale":"en_US","og_type":"article","og_title":"Nature and wildlife photography - Blog.fotografiaprzyrodnicza.pl","og_description":"Nature photography has been my passion for over 25 years and there is no sign that this will change. I am interested in every aspect of the nature that surrounds us, from a wide landscape to the micro-world among the grass in a meadow. There is no ugliness in nature, because each element is beautiful [&hellip;]","og_url":"https:\/\/blog.fotografiaprzyrodnicza.pl\/en\/fotografiaprzyrodnicza-pl\/","og_site_name":"Blog.fotografiaprzyrodnicza.pl","article_modified_time":"2025-05-22T10:38:54+00:00","og_image":[{"url":"https:\/\/blog.fotografiaprzyrodnicza.pl\/wp-content\/uploads\/2025\/05\/25lat-FHD-044.jpg","type":"","width":"","height":""}],"twitter_card":"summary_large_image","twitter_misc":{"Est. reading time":"4 minutes"},"schema":{"@context":"https:\/\/schema.org","@graph":[{"@type":"WebPage","@id":"https:\/\/blog.fotografiaprzyrodnicza.pl\/en\/fotografiaprzyrodnicza-pl\/","url":"https:\/\/blog.fotografiaprzyrodnicza.pl\/en\/fotografiaprzyrodnicza-pl\/","name":"Nature and wildlife photography - Blog.fotografiaprzyrodnicza.pl","isPartOf":{"@id":"https:\/\/blog.fotografiaprzyrodnicza.pl\/en\/#website"},"primaryImageOfPage":{"@id":"https:\/\/blog.fotografiaprzyrodnicza.pl\/en\/fotografiaprzyrodnicza-pl\/#primaryimage"},"image":{"@id":"https:\/\/blog.fotografiaprzyrodnicza.pl\/en\/fotografiaprzyrodnicza-pl\/#primaryimage"},"thumbnailUrl":"https:\/\/blog.fotografiaprzyrodnicza.pl\/wp-content\/uploads\/2025\/05\/25lat-FHD-044.jpg","datePublished":"2025-05-20T19:49:28+00:00","dateModified":"2025-05-22T10:38:54+00:00","breadcrumb":{"@id":"https:\/\/blog.fotografiaprzyrodnicza.pl\/en\/fotografiaprzyrodnicza-pl\/#breadcrumb"},"inLanguage":"en-US","potentialAction":[{"@type":"ReadAction","target":["https:\/\/blog.fotografiaprzyrodnicza.pl\/en\/fotografiaprzyrodnicza-pl\/"]}]},{"@type":"ImageObject","inLanguage":"en-US","@id":"https:\/\/blog.fotografiaprzyrodnicza.pl\/en\/fotografiaprzyrodnicza-pl\/#primaryimage","url":"https:\/\/blog.fotografiaprzyrodnicza.pl\/wp-content\/uploads\/2025\/05\/25lat-FHD-044.jpg","contentUrl":"https:\/\/blog.fotografiaprzyrodnicza.pl\/wp-content\/uploads\/2025\/05\/25lat-FHD-044.jpg"},{"@type":"BreadcrumbList","@id":"https:\/\/blog.fotografiaprzyrodnicza.pl\/en\/fotografiaprzyrodnicza-pl\/#breadcrumb","itemListElement":[{"@type":"ListItem","position":1,"name":"Strona g\u0142\u00f3wna","item":"https:\/\/blog.fotografiaprzyrodnicza.pl\/en\/"},{"@type":"ListItem","position":2,"name":"Nature and wildlife photography"}]},{"@type":"WebSite","@id":"https:\/\/blog.fotografiaprzyrodnicza.pl\/en\/#website","url":"https:\/\/blog.fotografiaprzyrodnicza.pl\/en\/","name":"blog.fotografiaprzyrodnicza.pl","description":"Fotografia przyrodnicza to pi\u0119kna pasja. Dlatego chcia\u0142bym si\u0119 podzieli\u0107 przemy\u015bleniami, do\u015bwiadczeniami, zdj\u0119ciami.","publisher":{"@id":"https:\/\/blog.fotografiaprzyrodnicza.pl\/en\/#\/schema\/person\/9a1a2c16d3aea6cc29ce162538ab9c55"},"alternateName":"blog.fotografiaprzyrodnicza.pl","potentialAction":[{"@type":"SearchAction","target":{"@type":"EntryPoint","urlTemplate":"https:\/\/blog.fotografiaprzyrodnicza.pl\/en\/?s={search_term_string}"},"query-input":{"@type":"PropertyValueSpecification","valueRequired":true,"valueName":"search_term_string"}}],"inLanguage":"en-US"},{"@type":["Person","Organization"],"@id":"https:\/\/blog.fotografiaprzyrodnicza.pl\/en\/#\/schema\/person\/9a1a2c16d3aea6cc29ce162538ab9c55","name":"Micha\u0142 Ludwiczak","image":{"@type":"ImageObject","inLanguage":"en-US","@id":"https:\/\/blog.fotografiaprzyrodnicza.pl\/wp-content\/uploads\/2019\/08\/20151209-DSC_3021-e1589290826532.jpg","url":"https:\/\/blog.fotografiaprzyrodnicza.pl\/wp-content\/uploads\/2019\/08\/20151209-DSC_3021-e1589290826532.jpg","contentUrl":"https:\/\/blog.fotografiaprzyrodnicza.pl\/wp-content\/uploads\/2019\/08\/20151209-DSC_3021-e1589290826532.jpg","width":1276,"height":1252,"caption":"Micha\u0142 Ludwiczak"},"logo":{"@id":"https:\/\/blog.fotografiaprzyrodnicza.pl\/wp-content\/uploads\/2019\/08\/20151209-DSC_3021-e1589290826532.jpg"},"sameAs":["http:\/\/www.fotografiaprzyrodnicza.pl"]}]}},"jetpack_sharing_enabled":true,"_links":{"self":[{"href":"https:\/\/blog.fotografiaprzyrodnicza.pl\/en\/wp-json\/wp\/v2\/pages\/19277","targetHints":{"allow":["GET"]}}],"collection":[{"href":"https:\/\/blog.fotografiaprzyrodnicza.pl\/en\/wp-json\/wp\/v2\/pages"}],"about":[{"href":"https:\/\/blog.fotografiaprzyrodnicza.pl\/en\/wp-json\/wp\/v2\/types\/page"}],"author":[{"embeddable":true,"href":"https:\/\/blog.fotografiaprzyrodnicza.pl\/en\/wp-json\/wp\/v2\/users\/1"}],"replies":[{"embeddable":true,"href":"https:\/\/blog.fotografiaprzyrodnicza.pl\/en\/wp-json\/wp\/v2\/comments?post=19277"}],"version-history":[{"count":14,"href":"https:\/\/blog.fotografiaprzyrodnicza.pl\/en\/wp-json\/wp\/v2\/pages\/19277\/revisions"}],"predecessor-version":[{"id":19331,"href":"https:\/\/blog.fotografiaprzyrodnicza.pl\/en\/wp-json\/wp\/v2\/pages\/19277\/revisions\/19331"}],"wp:attachment":[{"href":"https:\/\/blog.fotografiaprzyrodnicza.pl\/en\/wp-json\/wp\/v2\/media?parent=19277"}],"curies":[{"name":"wp","href":"https:\/\/api.w.org\/{rel}","templated":true}]}}