{"id":15255,"date":"2023-05-19T09:37:34","date_gmt":"2023-05-19T07:37:34","guid":{"rendered":"http:\/\/blog.fotografiaprzyrodnicza.pl\/wp-content\/uploads\/2023\/05\/Rzekotka_drzewna_006.jpg"},"modified":"2023-05-19T09:45:46","modified_gmt":"2023-05-19T07:45:46","slug":"rzekotka_drzewna_006-2","status":"inherit","type":"attachment","link":"https:\/\/blog.fotografiaprzyrodnicza.pl\/en\/2023\/05\/tree-frog\/rzekotka_drzewna_006-2\/","title":{"rendered":"Rzekotka_drzewna_006"},"author":1,"featured_media":0,"comment_status":"open","ping_status":"closed","template":"","meta":{"_acf_changed":false},"class_list":["post-15255","attachment","type-attachment","status-inherit","hentry"],"acf":[],"yoast_head":"<!-- This site is optimized with the Yoast SEO plugin v27.5 - https:\/\/yoast.com\/product\/yoast-seo-wordpress\/ -->\n<title>Rzekotka_drzewna_006 - Blog.fotografiaprzyrodnicza.pl<\/title>\n<meta name=\"robots\" content=\"index, follow, max-snippet:-1, max-image-preview:large, max-video-preview:-1\" \/>\n<link rel=\"canonical\" href=\"https:\/\/blog.fotografiaprzyrodnicza.pl\/en\/2023\/05\/tree-frog\/rzekotka_drzewna_006-2\/\" \/>\n<meta property=\"og:locale\" content=\"en_US\" \/>\n<meta property=\"og:type\" content=\"article\" \/>\n<meta property=\"og:title\" content=\"Rzekotka_drzewna_006 - Blog.fotografiaprzyrodnicza.pl\" \/>\n<meta property=\"og:url\" content=\"https:\/\/blog.fotografiaprzyrodnicza.pl\/en\/2023\/05\/tree-frog\/rzekotka_drzewna_006-2\/\" \/>\n<meta property=\"og:site_name\" content=\"Blog.fotografiaprzyrodnicza.pl\" \/>\n<meta property=\"article:modified_time\" content=\"2023-05-19T07:45:46+00:00\" \/>\n<meta property=\"og:image\" content=\"https:\/\/blog.fotografiaprzyrodnicza.pl\/wp-content\/uploads\/2023\/05\/Rzekotka_drzewna_006.jpg\" \/>\n\t<meta property=\"og:image:width\" content=\"1626\" \/>\n\t<meta property=\"og:image:height\" content=\"1080\" \/>\n\t<meta property=\"og:image:type\" content=\"image\/jpeg\" \/>\n<meta name=\"twitter:card\" content=\"summary_large_image\" \/>\n<script type=\"application\/ld+json\" class=\"yoast-schema-graph\">{\"@context\":\"https:\\\/\\\/schema.org\",\"@graph\":[{\"@type\":\"WebPage\",\"@id\":\"https:\\\/\\\/blog.fotografiaprzyrodnicza.pl\\\/en\\\/2023\\\/05\\\/tree-frog\\\/rzekotka_drzewna_006-2\\\/\",\"url\":\"https:\\\/\\\/blog.fotografiaprzyrodnicza.pl\\\/en\\\/2023\\\/05\\\/tree-frog\\\/rzekotka_drzewna_006-2\\\/\",\"name\":\"Rzekotka_drzewna_006 - Blog.fotografiaprzyrodnicza.pl\",\"isPartOf\":{\"@id\":\"https:\\\/\\\/blog.fotografiaprzyrodnicza.pl\\\/en\\\/#website\"},\"datePublished\":\"2023-05-19T07:37:34+00:00\",\"dateModified\":\"2023-05-19T07:45:46+00:00\",\"breadcrumb\":{\"@id\":\"https:\\\/\\\/blog.fotografiaprzyrodnicza.pl\\\/en\\\/2023\\\/05\\\/tree-frog\\\/rzekotka_drzewna_006-2\\\/#breadcrumb\"},\"inLanguage\":\"en-US\",\"potentialAction\":[{\"@type\":\"ReadAction\",\"target\":[\"https:\\\/\\\/blog.fotografiaprzyrodnicza.pl\\\/en\\\/2023\\\/05\\\/tree-frog\\\/rzekotka_drzewna_006-2\\\/\"]}]},{\"@type\":\"BreadcrumbList\",\"@id\":\"https:\\\/\\\/blog.fotografiaprzyrodnicza.pl\\\/en\\\/2023\\\/05\\\/tree-frog\\\/rzekotka_drzewna_006-2\\\/#breadcrumb\",\"itemListElement\":[{\"@type\":\"ListItem\",\"position\":1,\"name\":\"Strona g\u0142\u00f3wna\",\"item\":\"https:\\\/\\\/blog.fotografiaprzyrodnicza.pl\\\/en\\\/\"},{\"@type\":\"ListItem\",\"position\":2,\"name\":\"Tree frog\",\"item\":\"https:\\\/\\\/blog.fotografiaprzyrodnicza.pl\\\/en\\\/2023\\\/05\\\/tree-frog\\\/\"},{\"@type\":\"ListItem\",\"position\":3,\"name\":\"Rzekotka_drzewna_006\"}]},{\"@type\":\"WebSite\",\"@id\":\"https:\\\/\\\/blog.fotografiaprzyrodnicza.pl\\\/en\\\/#website\",\"url\":\"https:\\\/\\\/blog.fotografiaprzyrodnicza.pl\\\/en\\\/\",\"name\":\"blog.fotografiaprzyrodnicza.pl\",\"description\":\"Fotografia przyrodnicza to pi\u0119kna pasja. Dlatego chcia\u0142bym si\u0119 podzieli\u0107 przemy\u015bleniami, do\u015bwiadczeniami, zdj\u0119ciami.\",\"publisher\":{\"@id\":\"https:\\\/\\\/blog.fotografiaprzyrodnicza.pl\\\/en\\\/#\\\/schema\\\/person\\\/9a1a2c16d3aea6cc29ce162538ab9c55\"},\"alternateName\":\"blog.fotografiaprzyrodnicza.pl\",\"potentialAction\":[{\"@type\":\"SearchAction\",\"target\":{\"@type\":\"EntryPoint\",\"urlTemplate\":\"https:\\\/\\\/blog.fotografiaprzyrodnicza.pl\\\/en\\\/?s={search_term_string}\"},\"query-input\":{\"@type\":\"PropertyValueSpecification\",\"valueRequired\":true,\"valueName\":\"search_term_string\"}}],\"inLanguage\":\"en-US\"},{\"@type\":[\"Person\",\"Organization\"],\"@id\":\"https:\\\/\\\/blog.fotografiaprzyrodnicza.pl\\\/en\\\/#\\\/schema\\\/person\\\/9a1a2c16d3aea6cc29ce162538ab9c55\",\"name\":\"Micha\u0142 Ludwiczak\",\"image\":{\"@type\":\"ImageObject\",\"inLanguage\":\"en-US\",\"@id\":\"https:\\\/\\\/blog.fotografiaprzyrodnicza.pl\\\/wp-content\\\/uploads\\\/2019\\\/08\\\/20151209-DSC_3021-e1589290826532.jpg\",\"url\":\"https:\\\/\\\/blog.fotografiaprzyrodnicza.pl\\\/wp-content\\\/uploads\\\/2019\\\/08\\\/20151209-DSC_3021-e1589290826532.jpg\",\"contentUrl\":\"https:\\\/\\\/blog.fotografiaprzyrodnicza.pl\\\/wp-content\\\/uploads\\\/2019\\\/08\\\/20151209-DSC_3021-e1589290826532.jpg\",\"width\":1276,\"height\":1252,\"caption\":\"Micha\u0142 Ludwiczak\"},\"logo\":{\"@id\":\"https:\\\/\\\/blog.fotografiaprzyrodnicza.pl\\\/wp-content\\\/uploads\\\/2019\\\/08\\\/20151209-DSC_3021-e1589290826532.jpg\"},\"sameAs\":[\"http:\\\/\\\/www.fotografiaprzyrodnicza.pl\"]}]}<\/script>\n<!-- \/ Yoast SEO plugin. -->","yoast_head_json":{"title":"Rzekotka_drzewna_006 - Blog.fotografiaprzyrodnicza.pl","robots":{"index":"index","follow":"follow","max-snippet":"max-snippet:-1","max-image-preview":"max-image-preview:large","max-video-preview":"max-video-preview:-1"},"canonical":"https:\/\/blog.fotografiaprzyrodnicza.pl\/en\/2023\/05\/tree-frog\/rzekotka_drzewna_006-2\/","og_locale":"en_US","og_type":"article","og_title":"Rzekotka_drzewna_006 - Blog.fotografiaprzyrodnicza.pl","og_url":"https:\/\/blog.fotografiaprzyrodnicza.pl\/en\/2023\/05\/tree-frog\/rzekotka_drzewna_006-2\/","og_site_name":"Blog.fotografiaprzyrodnicza.pl","article_modified_time":"2023-05-19T07:45:46+00:00","og_image":[{"width":1626,"height":1080,"url":"https:\/\/blog.fotografiaprzyrodnicza.pl\/wp-content\/uploads\/2023\/05\/Rzekotka_drzewna_006.jpg","type":"image\/jpeg"}],"twitter_card":"summary_large_image","schema":{"@context":"https:\/\/schema.org","@graph":[{"@type":"WebPage","@id":"https:\/\/blog.fotografiaprzyrodnicza.pl\/en\/2023\/05\/tree-frog\/rzekotka_drzewna_006-2\/","url":"https:\/\/blog.fotografiaprzyrodnicza.pl\/en\/2023\/05\/tree-frog\/rzekotka_drzewna_006-2\/","name":"Rzekotka_drzewna_006 - Blog.fotografiaprzyrodnicza.pl","isPartOf":{"@id":"https:\/\/blog.fotografiaprzyrodnicza.pl\/en\/#website"},"datePublished":"2023-05-19T07:37:34+00:00","dateModified":"2023-05-19T07:45:46+00:00","breadcrumb":{"@id":"https:\/\/blog.fotografiaprzyrodnicza.pl\/en\/2023\/05\/tree-frog\/rzekotka_drzewna_006-2\/#breadcrumb"},"inLanguage":"en-US","potentialAction":[{"@type":"ReadAction","target":["https:\/\/blog.fotografiaprzyrodnicza.pl\/en\/2023\/05\/tree-frog\/rzekotka_drzewna_006-2\/"]}]},{"@type":"BreadcrumbList","@id":"https:\/\/blog.fotografiaprzyrodnicza.pl\/en\/2023\/05\/tree-frog\/rzekotka_drzewna_006-2\/#breadcrumb","itemListElement":[{"@type":"ListItem","position":1,"name":"Strona g\u0142\u00f3wna","item":"https:\/\/blog.fotografiaprzyrodnicza.pl\/en\/"},{"@type":"ListItem","position":2,"name":"Tree frog","item":"https:\/\/blog.fotografiaprzyrodnicza.pl\/en\/2023\/05\/tree-frog\/"},{"@type":"ListItem","position":3,"name":"Rzekotka_drzewna_006"}]},{"@type":"WebSite","@id":"https:\/\/blog.fotografiaprzyrodnicza.pl\/en\/#website","url":"https:\/\/blog.fotografiaprzyrodnicza.pl\/en\/","name":"blog.fotografiaprzyrodnicza.pl","description":"Fotografia przyrodnicza to pi\u0119kna pasja. Dlatego chcia\u0142bym si\u0119 podzieli\u0107 przemy\u015bleniami, do\u015bwiadczeniami, zdj\u0119ciami.","publisher":{"@id":"https:\/\/blog.fotografiaprzyrodnicza.pl\/en\/#\/schema\/person\/9a1a2c16d3aea6cc29ce162538ab9c55"},"alternateName":"blog.fotografiaprzyrodnicza.pl","potentialAction":[{"@type":"SearchAction","target":{"@type":"EntryPoint","urlTemplate":"https:\/\/blog.fotografiaprzyrodnicza.pl\/en\/?s={search_term_string}"},"query-input":{"@type":"PropertyValueSpecification","valueRequired":true,"valueName":"search_term_string"}}],"inLanguage":"en-US"},{"@type":["Person","Organization"],"@id":"https:\/\/blog.fotografiaprzyrodnicza.pl\/en\/#\/schema\/person\/9a1a2c16d3aea6cc29ce162538ab9c55","name":"Micha\u0142 Ludwiczak","image":{"@type":"ImageObject","inLanguage":"en-US","@id":"https:\/\/blog.fotografiaprzyrodnicza.pl\/wp-content\/uploads\/2019\/08\/20151209-DSC_3021-e1589290826532.jpg","url":"https:\/\/blog.fotografiaprzyrodnicza.pl\/wp-content\/uploads\/2019\/08\/20151209-DSC_3021-e1589290826532.jpg","contentUrl":"https:\/\/blog.fotografiaprzyrodnicza.pl\/wp-content\/uploads\/2019\/08\/20151209-DSC_3021-e1589290826532.jpg","width":1276,"height":1252,"caption":"Micha\u0142 Ludwiczak"},"logo":{"@id":"https:\/\/blog.fotografiaprzyrodnicza.pl\/wp-content\/uploads\/2019\/08\/20151209-DSC_3021-e1589290826532.jpg"},"sameAs":["http:\/\/www.fotografiaprzyrodnicza.pl"]}]}},"jetpack_sharing_enabled":true,"description":{"rendered":"<p class=\"attachment\"><a href='https:\/\/blog.fotografiaprzyrodnicza.pl\/wp-content\/uploads\/2023\/05\/Rzekotka_drzewna_006.jpg'><img fetchpriority=\"high\" decoding=\"async\" width=\"300\" height=\"199\" src=\"https:\/\/blog.fotografiaprzyrodnicza.pl\/wp-content\/uploads\/2023\/05\/Rzekotka_drzewna_006-300x199.jpg\" class=\"attachment-medium size-medium\" alt=\"\" srcset=\"https:\/\/blog.fotografiaprzyrodnicza.pl\/wp-content\/uploads\/2023\/05\/Rzekotka_drzewna_006-300x199.jpg 300w, https:\/\/blog.fotografiaprzyrodnicza.pl\/wp-content\/uploads\/2023\/05\/Rzekotka_drzewna_006-1024x680.jpg 1024w, https:\/\/blog.fotografiaprzyrodnicza.pl\/wp-content\/uploads\/2023\/05\/Rzekotka_drzewna_006-768x510.jpg 768w, https:\/\/blog.fotografiaprzyrodnicza.pl\/wp-content\/uploads\/2023\/05\/Rzekotka_drzewna_006-1536x1020.jpg 1536w, https:\/\/blog.fotografiaprzyrodnicza.pl\/wp-content\/uploads\/2023\/05\/Rzekotka_drzewna_006-70x46.jpg 70w, https:\/\/blog.fotografiaprzyrodnicza.pl\/wp-content\/uploads\/2023\/05\/Rzekotka_drzewna_006.jpg 1626w\" sizes=\"(max-width: 300px) 100vw, 300px\" data-attachment-id=\"15255\" data-permalink=\"https:\/\/blog.fotografiaprzyrodnicza.pl\/en\/2023\/05\/tree-frog\/rzekotka_drzewna_006-2\/\" data-orig-file=\"https:\/\/blog.fotografiaprzyrodnicza.pl\/wp-content\/uploads\/2023\/05\/Rzekotka_drzewna_006.jpg\" data-orig-size=\"1626,1080\" data-comments-opened=\"1\" data-image-meta=\"{&quot;aperture&quot;:&quot;6.3&quot;,&quot;credit&quot;:&quot;MICHAL LUDWICZAK&quot;,&quot;camera&quot;:&quot;NIKON D300&quot;,&quot;caption&quot;:&quot;M.LUDWICZAK www.fotomichal.pl&quot;,&quot;created_timestamp&quot;:&quot;1275121330&quot;,&quot;copyright&quot;:&quot;&quot;,&quot;focal_length&quot;:&quot;105&quot;,&quot;iso&quot;:&quot;400&quot;,&quot;shutter_speed&quot;:&quot;0.0004&quot;,&quot;title&quot;:&quot;M.LUDWICZAK www.fotomichal.pl&quot;,&quot;orientation&quot;:&quot;0&quot;}\" data-image-title=\"Rzekotka_drzewna_006\" data-image-description=\"\" data-image-caption=\"\" data-large-file=\"https:\/\/blog.fotografiaprzyrodnicza.pl\/wp-content\/uploads\/2023\/05\/Rzekotka_drzewna_006-1024x680.jpg\" \/><\/a><\/p>\n"},"caption":{"rendered":""},"alt_text":"","media_type":"image","mime_type":"image\/jpeg","media_details":{"width":1626,"height":1080,"file":"2023\/05\/Rzekotka_drzewna_006.jpg","filesize":116080,"sizes":{"medium":{"file":"Rzekotka_drzewna_006-300x199.jpg","width":300,"height":199,"filesize":7995,"mime_type":"image\/jpeg","source_url":"https:\/\/blog.fotografiaprzyrodnicza.pl\/wp-content\/uploads\/2023\/05\/Rzekotka_drzewna_006-300x199.jpg"},"large":{"file":"Rzekotka_drzewna_006-1024x680.jpg","width":1024,"height":680,"filesize":51803,"mime_type":"image\/jpeg","source_url":"https:\/\/blog.fotografiaprzyrodnicza.pl\/wp-content\/uploads\/2023\/05\/Rzekotka_drzewna_006-1024x680.jpg"},"thumbnail":{"file":"Rzekotka_drzewna_006-150x150.jpg","width":150,"height":150,"filesize":3927,"mime_type":"image\/jpeg","source_url":"https:\/\/blog.fotografiaprzyrodnicza.pl\/wp-content\/uploads\/2023\/05\/Rzekotka_drzewna_006-150x150.jpg"},"medium_large":{"file":"Rzekotka_drzewna_006-768x510.jpg","width":768,"height":510,"filesize":32333,"mime_type":"image\/jpeg","source_url":"https:\/\/blog.fotografiaprzyrodnicza.pl\/wp-content\/uploads\/2023\/05\/Rzekotka_drzewna_006-768x510.jpg"},"1536x1536":{"file":"Rzekotka_drzewna_006-1536x1020.jpg","width":1536,"height":1020,"filesize":110583,"mime_type":"image\/jpeg","source_url":"https:\/\/blog.fotografiaprzyrodnicza.pl\/wp-content\/uploads\/2023\/05\/Rzekotka_drzewna_006-1536x1020.jpg"},"yprm-lazyloading-placeholder":{"file":"Rzekotka_drzewna_006-70x46.jpg","width":70,"height":46,"filesize":1288,"mime_type":"image\/jpeg","source_url":"https:\/\/blog.fotografiaprzyrodnicza.pl\/wp-content\/uploads\/2023\/05\/Rzekotka_drzewna_006-70x46.jpg"},"full":{"file":"Rzekotka_drzewna_006.jpg","width":1626,"height":1080,"mime_type":"image\/jpeg","source_url":"https:\/\/blog.fotografiaprzyrodnicza.pl\/wp-content\/uploads\/2023\/05\/Rzekotka_drzewna_006.jpg"}},"image_meta":{"aperture":"6.3","credit":"MICHAL LUDWICZAK","camera":"NIKON D300","caption":"M.LUDWICZAK www.fotomichal.pl","created_timestamp":"1275121330","copyright":"","focal_length":"105","iso":"400","shutter_speed":"0.0004","title":"M.LUDWICZAK www.fotomichal.pl","orientation":"0","keywords":["Dzikie","Pole","Pora roku","Zielony","Zwierz\u0119ta","fauna","p\u0142azy","rzekotka drzewna","wiosna","zwierz\u0119","\u0141\u0105ki i pola","\u0142\u0105ka"]}},"post":15281,"source_url":"https:\/\/blog.fotografiaprzyrodnicza.pl\/wp-content\/uploads\/2023\/05\/Rzekotka_drzewna_006.jpg","_links":{"self":[{"href":"https:\/\/blog.fotografiaprzyrodnicza.pl\/en\/wp-json\/wp\/v2\/media\/15255","targetHints":{"allow":["GET"]}}],"collection":[{"href":"https:\/\/blog.fotografiaprzyrodnicza.pl\/en\/wp-json\/wp\/v2\/media"}],"about":[{"href":"https:\/\/blog.fotografiaprzyrodnicza.pl\/en\/wp-json\/wp\/v2\/types\/attachment"}],"author":[{"embeddable":true,"href":"https:\/\/blog.fotografiaprzyrodnicza.pl\/en\/wp-json\/wp\/v2\/users\/1"}],"replies":[{"embeddable":true,"href":"https:\/\/blog.fotografiaprzyrodnicza.pl\/en\/wp-json\/wp\/v2\/comments?post=15255"}],"wp:attached-to":[{"embeddable":true,"post_type":"post","id":15281,"href":"https:\/\/blog.fotografiaprzyrodnicza.pl\/en\/wp-json\/wp\/v2\/posts\/15281"}],"curies":[{"name":"wp","href":"https:\/\/api.w.org\/{rel}","templated":true}]}}